{"id":20,"date":"2015-02-19T10:07:23","date_gmt":"2015-02-19T10:07:23","guid":{"rendered":"http:\/\/lgu.u-paris10.fr\/test\/?page_id=20"},"modified":"2023-01-31T06:51:24","modified_gmt":"2023-01-31T06:51:24","slug":"evenements","status":"publish","type":"page","link":"https:\/\/lgu.parisnanterre.fr\/?page_id=20","title":{"rendered":"\u00c9v\u00e9nements"},"content":{"rendered":"<ul>\n<li>S\u00e9minaire analyse et politique de la ville \u2013 Cycle <a href=\"https:\/\/lgu.parisnanterre.fr\/wp-content\/uploads\/2023\/01\/flyer-def-30-03-23-23-01-23.pdf\">2023<\/a><\/li>\n<li>S\u00e9minaire analyse et politique de la ville \u2013 Cycle <a href=\"http:\/\/www.persee.fr\/collection\/vilpa\">2020<\/a><\/li>\n<li>S\u00e9minaire analyse et politique de la ville \u2013 Cycle <a href=\"https:\/\/lgu.parisnanterre.fr\/wp-content\/uploads\/2020\/02\/Villes-en-parallele_Doc-6-compressed.pdf\">2018-2019<\/a><\/li>\n<li>S\u00e9minaire analyse et politique de la ville \u2013 Cycle <a href=\"https:\/\/lgu.parisnanterre.fr\/wp-content\/uploads\/2020\/02\/Villes-en-parallele_Doc-5-compressed.pdf\">2017-2018<\/a><\/li>\n<li>S\u00e9minaire analyse et politique de la ville \u2013 Cycle <a href=\"https:\/\/lgu.u-paris10.fr\/wp-content\/uploads\/2016\/03\/affiche-07-04-16-4.pdf\">2016<\/a><\/li>\n<\/ul>\n<ul>\n<li>Important : <a href=\"https:\/\/lgu.u-paris10.fr\/wp-content\/uploads\/2015\/12\/declaration-2-12-12-15.pdf\">Communiqu\u00e9<\/a>\u00a0du Comit\u00e9 scientifique du S\u00e9minaire Analyse et Politique de la ville<\/li>\n<\/ul>\n<ul>\n<li>Parution \u00ab\u00a0<a href=\"https:\/\/lgu.u-paris10.fr\/wp-content\/uploads\/2015\/11\/HUGEO_Geographie-urbaine_Couverture-1.pdf\">G\u00e9ographie urbaine<\/a>\u00a0\u00bb de Guy Burgel et Alexandre Grondeau, \u00e9d. Hachette Sup\u00e9rieur<\/li>\n<\/ul>\n<ul>\n<li>Parution \u00ab\u00a0<a href=\"https:\/\/lgu.u-paris10.fr\/wp-content\/uploads\/2015\/09\/ECV_Couverture.pdf\">Essais critiques sur la ville<\/a>\u00a0\u00bb sous la direction de Guy Burgel<\/li>\n<\/ul>\n<ul>\n<li>S\u00e9minaire analyse et politique de la ville \u2013 Cycle <a href=\"https:\/\/lgu.u-paris10.fr\/wp-content\/uploads\/2015\/05\/IAU-ENS-09-06-15.pdf\">2015<\/a>, deuxi\u00e8me session :\u00a0 <em>Fractures sociales, fractures spatiales,\u00a0M\u00e9tropolisation et logiques p\u00e9riph\u00e9riques<\/em> ;<\/li>\n<\/ul>\n<ul>\n<li>S\u00e9minaire analyse et politique de la ville \u2013 Cycle <a href=\"https:\/\/lgu.u-paris10.fr\/wp-content\/uploads\/2015\/03\/ENS-IAU-1er-avril-def2-10-03-15.pdf\">2015<\/a>, premi\u00e8re session :\u00a0 <em>Fractures sociales, Fractures spatiales,\u00a0M\u00e9tropolisation et logiques p\u00e9riph\u00e9riques<\/em> ;<\/li>\n<\/ul>\n<ul>\n<li><a href=\"https:\/\/lgu.u-paris10.fr\/wp-content\/uploads\/2015\/05\/GB-URBANISME-n\u00b0396_05-15.pdf\">Interview<\/a> de Guy Burgel dans la revue \u00ab\u00a0Urbanisme\u00a0\u00bb n\u00b0396<\/li>\n<li>\n<p class=\"stil3\" align=\"left\">Soutenance de th\u00e8se M. SUN-UK PARK \u00ab\u00a0<a href=\"http:\/\/lgu.u-paris10.fr\/assets\/Park%20Avis%20de%20soutenance.pdf\">Centralit\u00e9 p\u00e9riph\u00e9rique et centre commercial : Paris- S\u00eaoul, \u00e9tude compar\u00e9e<\/a> \u00a0\u00bb le 19 mars 2013 \u00e0 14h \u00e0 l&rsquo;Universit\u00e9 de Paris Ouest Nanterre la D\u00e9fense<\/p>\n<\/li>\n<li>\n<p class=\"stil3\" align=\"left\">Rencontre autour du livre \u00ab\u00a0<a href=\"http:\/\/lgu.u-paris10.fr\/assets\/tract%20Versaillespdf.pdf\">Pour la Ville<\/a>\u00a0\u00bb de Guy BURGEL \u00e0 l&rsquo;Ecole nationale sup\u00e9rieure d&rsquo;architecture de Versailles<\/p>\n<\/li>\n<li>\n<p class=\"stil3\" align=\"left\">Soutenance de th\u00e8se Milly Aoustin Sow \u00ab\u00a0<span class=\"stil3\"><a href=\"http:\/\/lgu.u-paris10.fr\/assets\/MAS-affiche-soutenance.pdf\">L&rsquo;informalit\u00e9 dans le quartier de la Goutte d&rsquo;Or \u00e0 Paris. Economie immigrante, africanit\u00e9 et politiques urbaines<\/a><\/span>\u00a0\u00bb &#8211; le 18 octobre 2012 \u00e0 14h \u00e0 l&rsquo;Universit\u00e9 de Paris Ouest Nanterre La D\u00e9fense<\/p>\n<\/li>\n<li>\n<p class=\"stil3\" align=\"left\">Guy Burgel interviendra dans l&#8217;emission<span class=\"stil3\"><span class=\"stil3 style2\"> <em><a href=\"http:\/\/www.franceculture.fr\/emission-metropolitains-l-invention-au-xxe-siecle-de-l-architecture-lumineuse-2012-04-29\">M\u00e9tropolitains<\/a><\/em> <\/span><\/span>sur France Culture le dimanche 29 avril 2012 de 16h \u00e0 17h I <span class=\"stil3\"><span class=\"stil3 style2\"><a href=\"http:\/\/www.franceculture.fr\/personne-guy-burgel\">\u00e9coutez l&#8217;emission<\/a><\/span><\/span><\/p>\n<\/li>\n<li>\n<p class=\"stil3\" align=\"left\"><span class=\"stil3\">Soutenance de th\u00e8se Andrei Feraru \u00ab\u00a0Centralit\u00e9s m\u00e9tropolitaines et renouvellement urbain. La machine s\u00e9gr\u00e9gationniste m\u00e9tropolitaine (\u00e9tude compar\u00e9e Paris, Randstad, Bucarest)\u00a0\u00bb<\/span> &#8211; le 9 mai 2012 \u00e0 14h \u00e0 l&rsquo;Universit\u00e9 de Paris Ouest Nanterre La D\u00e9fense<\/p>\n<\/li>\n<li>\n<p class=\"stil3\" align=\"left\">Soutenance de th\u00e8se Zohra Haridi <span class=\"stil3\">\u00ab\u00a0Formes de ville. Rencontre des formes de vie et de l&rsquo;imaginaire de l&rsquo;habiter. Guelma (Alg\u00e9rie)\u00a0\u00bb<\/span> &#8211; le 11 mai 2012 \u00e0 14h \u00e0 l&rsquo;Universit\u00e9 de Paris Ouest Nanterre La D\u00e9fense<\/p>\n<\/li>\n<li>\n<div align=\"left\"><span class=\"stil3\">Parution du livre \u00ab\u00a0<a href=\"http:\/\/lgu.u-paris10.fr\/assets\/Flyer%20Pour%20la%20ville%2018_11%288%29.pdf\">Pour la ville<\/a>\u00a0\u00bb de Guy Burgel aux \u00e9ditions Cr\u00e9aphis &#8211; en librairie le 1er mars 2012<\/span><\/div>\n<\/li>\n<\/ul>\n<ul>\n<li>\n<div align=\"left\"><span class=\"stil3\">Parution du num\u00e9ro 147 (n\u00b04 de 2011) d&rsquo;<em>Espaces et Soci\u00e9t\u00e9s<\/em> \u00ab\u00a0<a href=\"http:\/\/lgu.u-paris10.fr\/assets\/pub%20EspEtSociete147.pdf\">Quelle ville durable ?<\/a>\u00a0\u00bb <\/span><span class=\"stil3\"> (coordonn\u00e9 par Albert Levy et Cyria Emelianoff)<\/span><\/div>\n<\/li>\n<\/ul>\n","protected":false},"excerpt":{"rendered":"<p>S\u00e9minaire analyse et politique de la ville \u2013 Cycle 2023 S\u00e9minaire analyse et politique de la ville \u2013 Cycle 2020 S\u00e9minaire analyse et politique de la ville \u2013 Cycle 2018-2019 S\u00e9minaire analyse et politique de la ville \u2013 Cycle 2017-2018 &hellip;<\/p>\n<p class=\"read-more\"> <a class=\"more-link\" href=\"https:\/\/lgu.parisnanterre.fr\/?page_id=20\"> <span class=\"screen-reader-text\">\u00c9v\u00e9nements<\/span> Read More &raquo;<\/a><\/p>\n","protected":false},"author":3,"featured_media":0,"parent":0,"menu_order":40,"comment_status":"closed","ping_status":"closed","template":"","meta":{"footnotes":""},"class_list":["post-20","page","type-page","status-publish","hentry"],"_links":{"self":[{"href":"https:\/\/lgu.parisnanterre.fr\/index.php?rest_route=\/wp\/v2\/pages\/20","targetHints":{"allow":["GET"]}}],"collection":[{"href":"https:\/\/lgu.parisnanterre.fr\/index.php?rest_route=\/wp\/v2\/pages"}],"about":[{"href":"https:\/\/lgu.parisnanterre.fr\/index.php?rest_route=\/wp\/v2\/types\/page"}],"author":[{"embeddable":true,"href":"https:\/\/lgu.parisnanterre.fr\/index.php?rest_route=\/wp\/v2\/users\/3"}],"replies":[{"embeddable":true,"href":"https:\/\/lgu.parisnanterre.fr\/index.php?rest_route=%2Fwp%2Fv2%2Fcomments&post=20"}],"version-history":[{"count":21,"href":"https:\/\/lgu.parisnanterre.fr\/index.php?rest_route=\/wp\/v2\/pages\/20\/revisions"}],"predecessor-version":[{"id":495,"href":"https:\/\/lgu.parisnanterre.fr\/index.php?rest_route=\/wp\/v2\/pages\/20\/revisions\/495"}],"wp:attachment":[{"href":"https:\/\/lgu.parisnanterre.fr\/index.php?rest_route=%2Fwp%2Fv2%2Fmedia&parent=20"}],"curies":[{"name":"wp","href":"https:\/\/api.w.org\/{rel}","templated":true}]}}