{"id":15,"date":"2015-02-19T09:58:48","date_gmt":"2015-02-19T09:58:48","guid":{"rendered":"http:\/\/lgu.u-paris10.fr\/test\/?page_id=15"},"modified":"2024-11-09T19:52:27","modified_gmt":"2024-11-09T19:52:27","slug":"formation","status":"publish","type":"page","link":"https:\/\/lgu.parisnanterre.fr\/?page_id=15","title":{"rendered":"Formation"},"content":{"rendered":"<h2 align=\"center\"><strong> CURSUS D&rsquo;URBANISME ET D&rsquo;AMENAGEMENT (URBAM) <\/strong><\/h2>\n<p class=\"style1\" align=\"center\">Une approche fondamentale au service de l&rsquo;action<\/p>\n<p align=\"justify\">L&rsquo;Universit\u00e9 de Paris X comportait originellement un cursus d&rsquo;Urbanisme et d&rsquo;Am\u00e9nagement au sein du Laboratoire de G\u00e9ographie Urbaine, g\u00e9r\u00e9 par lui de 1985 \u00e0 2003 (licence, ma\u00eetrise d&rsquo;Am\u00e9nagement, DESS en Am\u00e9nagement urbain et d\u00e9veloppement local). Il constitue encore une exp\u00e9rience unique d&rsquo;association de la recherche fondamentale et de la recherche appliqu\u00e9e, qui est souvent ancr\u00e9e \u00e0 l&rsquo;etranger (cf. invitation du professeur Guy Burgel \u00e0 Mexico en d\u00e9cembre 2009 pour envisager la cr\u00e9ation d&rsquo;une institution sur le mod\u00e8le du LGU).<\/p>\n<h3 align=\"justify\"><strong>Une exigence<\/strong><\/h3>\n<p align=\"justify\">L&rsquo;ampleur actuelle des probl\u00e8mes pos\u00e9s par la ville renforce les besoins de sp\u00e9cialistes de haut niveau, capables de comprendre les logiques urbaines et d&rsquo;\u00e9laborer des r\u00e9ponses concr\u00e8tes. Dans un champ scientifique que la soci\u00e9t\u00e9 environnante rend omnipr\u00e9sent, l&rsquo;exigence d&rsquo;une compr\u00e9hension pluridisciplinaire des m\u00e9canismes de l&rsquo;urbanisation et d&rsquo;une appr\u00e9ciation des possibilit\u00e9s d&rsquo;am\u00e9nagement volontaire de la ville est une n\u00e9cessit\u00e9 forte, autant \u00e9pist\u00e9mologique que civique. Le fait urbain est en effet un domaine particuli\u00e8rement lourd d&rsquo;interrogations pour la soci\u00e9t\u00e9 fran\u00e7aise. La crise actuelle des banlieues refl\u00e8te les contradictions d&rsquo;une civilisation qui a trop souvent oubli\u00e9 de penser la ville, pendant qu&rsquo;elle la construisait.<\/p>\n<p align=\"justify\">Les n\u00e9cessit\u00e9s pressantes de l&rsquo;enseignement sup\u00e9rieur et de la recherche, qui vont se d\u00e9velopper dans les ann\u00e9es \u00e0 venir, requi\u00e8rent la formation d&rsquo;une nouvelle g\u00e9n\u00e9ration de praticiens et de th\u00e9oriciens de la ville. Il faut y ajouter les besoins en cadres, sensibilit\u00e9s aux enjeux de la ville et r\u00e9pondant \u00e0 une demande forte des collectivit\u00e9s territoriales.<\/p>\n<p align=\"justify\">Ce qui a r\u00e9uni \u00e9conomistes, g\u00e9ographes, juristes, sociologues, associ\u00e9s \u00e0 des architectes et autres professionnels, c&rsquo;est l&rsquo;affirmation vigoureuse que la ville est un espace complexe, dot\u00e9 de patrimoine et d&rsquo;histoire, mais que la soci\u00e9t\u00e9, dans sa richesse et ses contradictions, en assure \u00e0 la fois la lisibilit\u00e9 et la transformation.<\/p>\n<h3 align=\"justify\"><strong> Des aires g\u00e9ographiques <\/strong><\/h3>\n<div align=\"justify\">\n<ul>\n<li>\u0112tats-Unis<\/li>\n<li>Europe de l&rsquo;Est (Europe centrale et Russie)<\/li>\n<li>Europe m\u00e9diterran\u00e9enne (notamment Gr\u00e8ce)<\/li>\n<li>France<\/li>\n<li>Japon<\/li>\n<li>Mexique et Am\u00e9rique\u00a0latine<\/li>\n<li>R\u00e9gion parisienne<\/li>\n<\/ul>\n<\/div>\n<h3 align=\"justify\"><strong> et des th\u00e8mes pluriels<\/strong><strong> : <\/strong><\/h3>\n<div align=\"justify\">\n<ul>\n<li>Am\u00e9nagement et d\u00e9veloppement local<\/li>\n<li>Banlieues et p\u00e9riph\u00e9ries urbaines<\/li>\n<li>Environnement<\/li>\n<li>G\u00e9ographie sociale<\/li>\n<li>Transports<\/li>\n<li>Urbanisme compar\u00e9<\/li>\n<\/ul>\n<\/div>\n<div align=\"justify\">\n<p><strong>Th\u00e8ses de doctorat soutenues au cours des derni\u00e8res ann\u00e9es<\/strong><\/p>\n<p><strong>2022<\/strong><\/p>\n<ul>\n<li>Zoubir MOSBAH, <em>Construire la ville coloniale pour reconstruire la m\u00e9tropole : le cas de Constantine (1837-1958)<\/em> (examinateur Guy BURGEL)<\/li>\n<\/ul>\n<p><strong>2021<\/strong><\/p>\n<ul>\n<li>Jiequan WANG, <em>Renouvellement et pr\u00e9servation de l&rsquo;espace public urbain le long de l&rsquo;eau : projet-acteurs, le cas de Kunming (Chine)<\/em> (examinateur Guy BURGEL)<\/li>\n<\/ul>\n<p><strong>2019<\/strong><\/p>\n<ul>\n<li>Sultan ALTMUTERY, <em>L&rsquo;architecture vernaculaire de la ville de Djeddah face \u00e0 la mondialisation : le cas du quartier d&rsquo;Al Sharafeyah<\/em> (rapporteur Guy BURGEL)<\/li>\n<li>Maryam Alsadat Mansouri, <i>Etudes esth\u00e9tiques du paysage urbain t\u00e9h\u00e9ranais : espaces, visions, pratiques, exp\u00e9riences <\/i>(pr\u00e9sident de jury Guy BURGEL)<\/li>\n<li>Mathilde VIGNAU, <em>Vers une g\u00e9ographie de la cr\u00e9ativit\u00e9 : impacts des lieux, des activit\u00e9s et des \u00e9v\u00e9nements cr\u00e9atifs et culturels sur le d\u00e9veloppement de la r\u00e9gion Sud &#8211; Provence Alpes C\u00f4te d&rsquo;Azur<\/em> (examinateur Guy BURGEL)<\/li>\n<\/ul>\n<p><strong>2017<\/strong><\/p>\n<ul>\n<li>Elena PATATOUKA, <em>Etude des mutations sociospatiales, syst\u00e8me financier et march\u00e9 immobilier en Gr\u00e8ce : tendance de financiarisation du syst\u00e8me du logement \u00e0 Ath\u00e8nes au cours des ann\u00e9es 2000<\/em> (directeur Guy BURGEL)<\/li>\n<\/ul>\n<p><strong>2016<\/strong><\/p>\n<ul>\n<li>Samia SAMARA, <em>Les politiques de protection et de sauvegarde des sites arch\u00e9ologiques et des monuments historiques en Gr\u00e8ce (1830-2013) : le cas d&rsquo;Ath\u00e8nes<\/em> (pr\u00e9sident de jury Guy BURGEL)<\/li>\n<li>Eleni PANAGOULI, <em>La rencontre de la ville et de la for\u00eat : l&rsquo;action publique et les territoires de la nature en Gr\u00e8ce<\/em> (examinateur Guy BURGEL)<\/li>\n<\/ul>\n<p><strong>2015<\/strong><\/p>\n<ul>\n<li>Aikaterini KANAKARI, <em>Patrimoine rural et d\u00e9veloppement : un inventaire dans l&rsquo;\u00eele grecque d&rsquo;Amorgos (Cyclades)<\/em>\u00a0(directeur Guy BURGEL)<\/li>\n<li>Narciss SOHRABI,\u00a0<em>La r\u00e9volution iranienne et les espaces publics \u00e0 T\u00e9h\u00e9ran<\/em> (directeur Guy BURGEL)<\/li>\n<li>Micha\u00ebl DELEPINE, <em>Le stade de Colombes et l&rsquo;enjeu d&rsquo;un grand stade en France : des origines \u00e0 1972<\/em> (pr\u00e9sident de jury Guy BURGEL)<\/li>\n<\/ul>\n<p><strong>2014<\/strong><\/p>\n<ul>\n<li>Mohammadr\u00e9za\u00a0 ABBASI NADERPOOR,\u00a0<em>La ville historique entre r\u00e9novation et m\u00e9tropolisation. Etude compar\u00e9e Hamadan-Grenoble<\/em><strong><em>\u00a0<\/em><\/strong>(directeur Guy BURGEL)<\/li>\n<li>Tabibeh REZAEI FARAMANI,\u00a0 <em>Les cons\u00e9quences de l\u2019\u00e9migration des \u00e9lites et des intellectuels des classes moyennes originaires de Kermanch\u00e2h (Iran) sur la d\u00e9gradation du tissu historique de la ville <\/em>(directeur Guy BURGEL)<\/li>\n<li>Mothanna Salama, <em>D\u00e9veloppement d&rsquo;un label \u00e9nerg\u00e9tique destin\u00e9 aux b\u00e2timents r\u00e9sidentiels de la r\u00e9gion Est-M\u00e9diterran\u00e9e (Syrie et Liban)<\/em> (rapporteur Guy BURGEL)<\/li>\n<li>Naimeh Rezaei, <em>Revitalisation des centres historiques en Iran : le cas du quartier d&rsquo;Oudlajan \u00e0 T\u00e9h\u00e9ran<\/em> (rapporteur Guy BURGEL)<\/li>\n<\/ul>\n<p><strong>2013<\/strong><\/p>\n<ul>\n<li>Mayssoun IDE, <em>Am\u00e9nagement et protection des littoraux m\u00e9diterran\u00e9ens\u00a0: Marseille (France) et Lattaqui\u00e9 (Syrie), \u00e9tude compar\u00e9e<strong>\u00a0<\/strong><\/em>(directeur Guy BURGEL)<\/li>\n<li>Sun-Uk PARK, <em>Centralit\u00e9 p\u00e9riph\u00e9rique et centre commercial\u00a0: Paris-S\u00e9oul, \u00e9tude compar\u00e9e\u00a0<\/em>(directeur Guy BURGEL)<\/li>\n<li>AbdelKader REZZOUG,\u00a0<em>Laghouat\u00a0: de l\u2019oasis \u00e0 la fabrication durable de la m\u00e9tropole <\/em>(directeurs Guy BURGEL et Michel HERROU)<\/li>\n<li>Adrien GEY, <em>L&rsquo;\u00e9volution des rapports ville nature dans la pens\u00e9e et la pratique am\u00e9nagistes : la consultation internationale du Grand Paris<\/em> (rapporteur Guy BURGEL)<\/li>\n<li>Saeid Piri, <em>Restauration du bazar de Hamadan (Iran)<\/em> (pr\u00e9sident de jury Guy BURGEL)<\/li>\n<\/ul>\n<p><strong>2012<\/strong><\/p>\n<ul>\n<li>Milly AOUSTIN SOW, <em>L\u2019informalit\u00e9\u00a0 dans le quartier de la Goutte d\u2019Or (Paris)\u00a0: \u00e9conomie immigrante, africanit\u00e9 et politiques urbaines<\/em>\u00a0(directeur Guy BURGEL)<\/li>\n<li>Andre\u00ef FERARU, <em>Centralit\u00e9 m\u00e9tropolitaine et\u00a0\u00a0 renouvellement urbain. La machine s\u00e9gr\u00e9gationniste m\u00e9tropolitaine\u00a0<\/em>(directeur Guy BURGEL)<\/li>\n<li>Seddik HAMMACHE, <em>P\u00e9riph\u00e9rie d\u2019Alger\u00a0: production de l\u2019habitat et instruments d\u2019urbanisme<\/em> (codirection Guy BURGEL et Ali HADJIEJD, EPAU, Alger)<\/li>\n<li>Zohra Fatma HARIDI, <em>Forme de ville, Rencontre des formes de vie et de l\u2019imaginaire de l\u2019habiter\u00a0\u00e0 Guelma (Alg\u00e9rie)<\/em> (directeur Guy BURGEL)<\/li>\n<li>Dita Sangvatanachai, <em>Le march\u00e9 p\u00e9riodique urbain : les \u00e9l\u00e9ments constitutifs d&rsquo;une nouvelle culture urbaine, \u00e9conomique et sociale : le cas de Bangkok<\/em> (rapporteur Guy BURGEL)<\/li>\n<li>Brice KOMBO, <em>Coop\u00e9ration d\u00e9centralis\u00e9e et objectifs du mill\u00e9naire pour le d\u00e9veloppement : enjeux et perspectives dans l&rsquo;espace francophone subsaharien<\/em> (examinateur Guy BURGEL)<\/li>\n<\/ul>\n<p><strong>2011<\/strong><\/p>\n<ul>\n<li>Rym MERZELKAD, <em>L\u2019ensemble immobilier \u00ab\u00a0Climat de France\u00a0\u00bb \u00e0 Alger, contribution\u00a0 \u00e0 l\u2019histoire de la pens\u00e9e urbaine et architecturale de Fernand Pouillon en Alg\u00e9rie<\/em>\u00a0(directeur Guy BURGEL)<\/li>\n<\/ul>\n<p><strong>2010<\/strong><\/p>\n<ul>\n<li>Parvaneh NAVAEI, <em>Patrimoine et modernit\u00e9 : le t\u00e9moignage de la ville d&rsquo;Ispahan<\/em>\u00a0(directeur Guy BURGEL)<strong>\u00a0<\/strong><\/li>\n<li>Ana-Cristina NITESCU, <em>Espaces communs et diversit\u00e9 ethnoculturelle\u00a0: La Goutte d\u2019Or et la Petite Asie \u00e0 Paris <\/em>(directeur Anne RAULIN)<\/li>\n<li>Amir SALEM, <em>Jeux d\u2019acteurs urbains\u00a0: contribution \u00e0 la compr\u00e9hension du Caire <\/em>(directeur Guy BURGEL)<\/li>\n<li>Emmanuelle SARRAZIN, <em>La Forme de la M\u00e9tropole\u00a0; la m\u00e9tropole parisienne vue de la nationale n<sup>o<\/sup> 7\u00a0<\/em>(directeur Guy BURGEL)<\/li>\n<li>Rym Abid Khalfallah, <em>Patrimoine et soci\u00e9t\u00e9 dans la Tunisie contemporaine : sauvegarde et mise en valeur du patrimoine arch\u00e9ologique punique et romain entre le XIXe et le XXe si\u00e8cles<\/em> (pr\u00e9sident de jury Guy BURGEL)<\/li>\n<\/ul>\n<p><strong>2009<\/strong><\/p>\n<ul>\n<li>Richard NORDIER, <em>Les laveries de quartier \u00e0 Paris : une pratique urbaine entre intimit\u00e9 et sociabilit\u00e9 <\/em>(directeurs Guy BURGEL et Michel HERROU)<\/li>\n<li>Miguel PADEIRO, <em>Le m\u00e9tro hors les murs : prolongements de lignes et \u00e9volution urbaine de la banlieue parisienne<\/em> (examinateur Guy BURGEL)<\/li>\n<\/ul>\n<p><strong>2008<\/strong><\/p>\n<ul>\n<li>Hekmat AMIRI, <em>Etude comparative des villes nouvelles de Karady (Iran) et Cergy-Pontoise (France)<\/em> (directeur Guy BURGEL)<\/li>\n<li>Annie BEKA-BEKA, <em>Probl\u00e8mes fonciers et am\u00e9nagement urbain \u00e0 Libreville (Gabon) <\/em>(directeur Guy BURGEL)<\/li>\n<li>Oussama KHARCHI, <em>Fonds structurels europ\u00e9ens et politique de la ville\u00a0: un mariage de raison<\/em> (directeur Guy BURGEL)<\/li>\n<li>Abdoul SOW, <em>L\u2019\u00eele \u00e0 Saint-Louis du S\u00e9n\u00e9gal, formes sociales et formes spatiales\u00a0: destin\u00e9es d\u2019une ville<\/em> (directeur Guy BURGEL)<\/li>\n<\/ul>\n<p><strong>2007<\/strong><\/p>\n<ul>\n<li>Abdolhamid BAHRPEYMA, <em>Urbanisme et architecture durable \u00e0 Yazd (Iran)<\/em> (directeur Guy BURGEL)<\/li>\n<li>Fatiha BENIDIR, <em>Etudes urbaines \u00e0 Constantine, <\/em>(directeur Guy BURGEL)<\/li>\n<li>Alexandre GRONDEAU, <em>Le technop\u00f4le revisit\u00e9<\/em> (directeur Guy BURGEL)<\/li>\n<li>Maxime SCHIRRER, <em>Informatique et d\u00e9mocratie locale<\/em> (directeur Guy BURGEL)<\/li>\n<li>Dae Bong YEOM, <em>Les \u00e9quipements scolaires en r\u00e9gion Ile-de-France <\/em>(directeur Guy BURGEL)<\/li>\n<\/ul>\n<p><strong>2006<\/strong><\/p>\n<ul>\n<li>Boris LEBEAU, <em>L\u2019intercommunalit\u00e9 en Ile-de-France <\/em>(directeur Solange MONTAGN\u0112-VILETTE)<\/li>\n<li>Xavier LEROUX, <em>Pr\u00e9figuration du secteur de \u00ab\u00a0pays\u00a0\u00bb dans la r\u00e9gion des Monts de Flandre <\/em>(directeur Guy BURGEL)<\/li>\n<li>Dae-Bong YEOM, <em>Le r\u00f4le du lyc\u00e9e dans le d\u00e9veloppement urbain: le cas des villes nouvelles de Cergy-Pontoise et Saint-Quentin-en-Yvelines \u00a0<\/em>(directeur Guy BURGEL)<\/li>\n<\/ul>\n<p><strong>2005<\/strong><\/p>\n<ul>\n<li>Vlada BOUSSIGUINA-TRAVEN, <em>La datcha: transformations historiques (XVIIIe &#8211; XXe si\u00e8cle) d&rsquo;un mod\u00e8le culturel dans la zone suburbaine de Moscou <\/em>(directeur Guy BURGEL)<\/li>\n<li>Ji-Houng HAN, <em>La production de l\u2019espace collectif et sa relation \u00e0 la ville \u00e0 travers les op\u00e9rations de logements dans la ZAC de Bercy (Quartier du front de parc) et de Paris Rive Gauche (Quartier de Tolbiac et Quartier de Mass\u00e9na),<\/em> (directeur Guy BURGEL)<\/li>\n<li>Mauricio VELASCO AVALOS,<em> Espaces et relations de pouvoirs \u00e0 Quer\u00e9taro (Mexique),<\/em> (directeur Guy BURGEL)<\/li>\n<\/ul>\n<p><strong>2004<\/strong><\/p>\n<ul>\n<li>Caroline ABBAS-LECOURTOIS, <em>De la communication sur l&rsquo;espace, espace con\u00e7u et espace per\u00e7u de l&rsquo;architecture et de l&rsquo;urbanisme <\/em>(directeur Philippe BOUDON)<\/li>\n<\/ul>\n<p><strong>2003<\/strong><\/p>\n<ul>\n<li>Najwa BAALBAKI-ABOU YASSIN, <em>Le novueau Beyrouth: contribution \u00e0 l&rsquo;\u00e9tude de la centralit\u00e9 urbaine<\/em> (directeur Guy BURGEL)<\/li>\n<li>B\u00e9n\u00e9dicte ESCARON, <em>La centralit\u00e9 de la m\u00e9tropole montr\u00e9alaise, contribution \u00e0 l&rsquo;\u00e9tude des rapports entre acteur du public et du priv\u00e9<\/em> (directeur Guy BURGEL)<\/li>\n<\/ul>\n<p><strong>2002<\/strong><\/p>\n<ul>\n<li>Marie LAVRENTIADOU, <em>L&rsquo;installation des Grecs pontiques de l&rsquo;ex-URSS en Thrace et \u00e0 Ath\u00e8nes : voyage et enracinement<\/em>\u00a0(directeur Guy BURGEL)<\/li>\n<\/ul>\n<\/div>\n","protected":false},"excerpt":{"rendered":"<p>CURSUS D&rsquo;URBANISME ET D&rsquo;AMENAGEMENT (URBAM) Une approche fondamentale au service de l&rsquo;action L&rsquo;Universit\u00e9 de Paris X comportait originellement un cursus d&rsquo;Urbanisme et d&rsquo;Am\u00e9nagement au sein du Laboratoire de G\u00e9ographie Urbaine, g\u00e9r\u00e9 par lui de 1985 \u00e0 2003 (licence, ma\u00eetrise d&rsquo;Am\u00e9nagement, &hellip;<\/p>\n<p class=\"read-more\"> <a class=\"more-link\" href=\"https:\/\/lgu.parisnanterre.fr\/?page_id=15\"> <span class=\"screen-reader-text\">Formation<\/span> Read More &raquo;<\/a><\/p>\n","protected":false},"author":3,"featured_media":0,"parent":0,"menu_order":20,"comment_status":"closed","ping_status":"closed","template":"","meta":{"footnotes":""},"class_list":["post-15","page","type-page","status-publish","hentry"],"_links":{"self":[{"href":"https:\/\/lgu.parisnanterre.fr\/index.php?rest_route=\/wp\/v2\/pages\/15","targetHints":{"allow":["GET"]}}],"collection":[{"href":"https:\/\/lgu.parisnanterre.fr\/index.php?rest_route=\/wp\/v2\/pages"}],"about":[{"href":"https:\/\/lgu.parisnanterre.fr\/index.php?rest_route=\/wp\/v2\/types\/page"}],"author":[{"embeddable":true,"href":"https:\/\/lgu.parisnanterre.fr\/index.php?rest_route=\/wp\/v2\/users\/3"}],"replies":[{"embeddable":true,"href":"https:\/\/lgu.parisnanterre.fr\/index.php?rest_route=%2Fwp%2Fv2%2Fcomments&post=15"}],"version-history":[{"count":31,"href":"https:\/\/lgu.parisnanterre.fr\/index.php?rest_route=\/wp\/v2\/pages\/15\/revisions"}],"predecessor-version":[{"id":587,"href":"https:\/\/lgu.parisnanterre.fr\/index.php?rest_route=\/wp\/v2\/pages\/15\/revisions\/587"}],"wp:attachment":[{"href":"https:\/\/lgu.parisnanterre.fr\/index.php?rest_route=%2Fwp%2Fv2%2Fmedia&parent=15"}],"curies":[{"name":"wp","href":"https:\/\/api.w.org\/{rel}","templated":true}]}}